{"id":64207,"date":"2025-10-17T08:43:16","date_gmt":"2025-10-17T08:43:16","guid":{"rendered":"https:\/\/machera.lu\/?tribe_events=the-simon-garfunkel-revival-band"},"modified":"2025-10-17T09:00:09","modified_gmt":"2025-10-17T09:00:09","slug":"the-simon-garfunkel-revival-band","status":"publish","type":"tribe_events","link":"https:\/\/machera.lu\/?tribe_events=the-simon-garfunkel-revival-band&lang=fr","title":{"rendered":"The Simon &#038; Garfunkel Revival Band"},"content":{"rendered":"<p><strong>The Simon &amp; Garfunkel Revival Band<\/strong><\/p>\n<p data-start=\"140\" data-end=\"175\"><strong>Les plus grands succ\u00e8s du duo culte<\/strong><\/p>\n<p data-start=\"177\" data-end=\"242\"><strong>\u00a031 janvier 2026, 20h00 \u2013 Grevenmacher, Centre Culturel Machera<\/strong><\/p>\n<p data-start=\"244\" data-end=\"508\">Qui a marqu\u00e9 la bande-son des ann\u00e9es 1970 ? Le duo am\u00e9ricain Simon &amp; Garfunkel en fait incontestablement partie. Leur musique inoubliable revit gr\u00e2ce \u00e0 la Simon &amp; Garfunkel Revival Band, qui se produira le 31 janvier 2026 au Centre Culturel Machera \u00e0 Grevenmacher.<\/p>\n<p data-start=\"510\" data-end=\"1083\">Dans son programme, le groupe pr\u00e9sente les plus belles chansons du duo culte : leurs plus grands succ\u00e8s intemporels. Des ballades envo\u00fbtantes et pleines de passion comme \u00ab Scarborough Fair \u00bb ou \u00ab Bright Eyes \u00bb, des classiques tels que \u00ab Mrs. Robinson \u00bb, \u00ab The Boxer \u00bb ou \u00ab The Sound Of Silence \u00bb font partie int\u00e9grante du r\u00e9pertoire, tout comme des titres entra\u00eenants tels que \u00ab Cecilia \u00bb ou \u00ab El Condor Pasa \u00bb. Le programme inclut \u00e9galement quelques perles de la p\u00e9riode post-s\u00e9paration, lorsque Paul Simon et Art Garfunkel ont poursuivi avec succ\u00e8s leur carri\u00e8re en solo.<\/p>\n<p data-start=\"1085\" data-end=\"1881\">Se contenter de rejouer les chansons n\u2019a jamais suffi \u00e0 Michael Frank (chant, guitare) et Guido Reuter (chant, violon, fl\u00fbte et piano), deux fans inconditionnels de Simon &amp; Garfunkel. Ils ont donc r\u00e9uni autour d\u2019eux Sebastian Fritzlar (guitare, piano, tambour et basse), Mirko Sturm (percussions et batterie) ainsi que Sven Lieser (guitare). \u00c0 cinq, ils parviennent \u00e0 recr\u00e9er sur sc\u00e8ne toutes les subtilit\u00e9s musicales qui font la magie de Simon &amp; Garfunkel. La marque de fabrique reste les harmonies vocales \u00e0 deux voix, si caract\u00e9ristiques. Les fronti\u00e8res entre l\u2019original et la reprise s\u2019estompent. Le groupe r\u00e9ussit \u00e0 combiner une interpr\u00e9tation fid\u00e8le et une touche personnelle si authentique que le public est litt\u00e9ralement emport\u00e9 entre des rythmes dynamiques et des moments d\u2019\u00e9motion pure.<\/p>\n<div class=\"sc_item_button sc_button_wrap\"><a class=\"sc_button sc_button_decoration sc_button_size_large sc_button_icon_left\" href=\"https:\/\/www.luxembourg-ticket.lu\/fr\/details\/simon-garfunkel-revival-band\/8\/nokill,1\/eid,67907\/simon-garfunkel-revival-band.html\"><span class=\"sc_button_text\"><span class=\"sc_button_title\">Tickets<\/span><\/span><\/a><\/div>\n<h6>Les billets pour cet \u00e9v\u00e9nement peuvent \u00e9galement \u00eatre achet\u00e9s \u00e0 la billetterie du Centre Culturel Machera les mardis et jeudis de 15h \u00e0 19h. La billetterie du soir ouvre 2 heures avant l\u2019\u00e9v\u00e9nement.<\/h6>\n<p>&nbsp;<\/p>\n","protected":false},"excerpt":{"rendered":"<p>Dans son programme, le groupe pr\u00e9sente les plus belles chansons du duo culte : leurs plus grands succ\u00e8s intemporels. Des ballades envo\u00fbtantes et pleines de passion comme \u00ab Scarborough Fair \u00bb ou \u00ab Bright Eyes \u00bb, des classiques tels que \u00ab Mrs. Robinson \u00bb, \u00ab The Boxer \u00bb ou \u00ab The Sound Of Silence \u00bb font partie int\u00e9grante du r\u00e9pertoire, tout comme des titres entra\u00eenants tels que \u00ab Cecilia \u00bb ou \u00ab El Condor Pasa \u00bb. Le programme inclut \u00e9galement quelques perles de la p\u00e9riode post-s\u00e9paration, lorsque Paul Simon et Art Garfunkel ont poursuivi avec succ\u00e8s leur carri\u00e8re en solo.<\/p>\n<p>&nbsp;<\/p>\n<div class=\"sc_item_button sc_button_wrap\"><a class=\"sc_button sc_button_decoration sc_button_size_large sc_button_icon_left\" href=\"https:\/\/machera.lu\/?tribe_events=the-simon-garfunkel-revival-band&#038;lang=fr\"><span class=\"sc_button_text\"><span class=\"sc_button_title\">Info \/ Tickets<\/span><\/span><\/a><\/div>\n","protected":false},"author":3,"featured_media":64196,"comment_status":"closed","ping_status":"closed","template":"","meta":{"inline_featured_image":false,"_tribe_events_status":"","_tribe_events_status_reason":"","footnotes":""},"tags":[],"tribe_events_cat":[348],"class_list":["post-64207","tribe_events","type-tribe_events","status-publish","has-post-thumbnail","hentry","tribe_events_cat-concert-fr","cat_concert-fr"],"_links":{"self":[{"href":"https:\/\/machera.lu\/index.php?rest_route=\/wp\/v2\/tribe_events\/64207","targetHints":{"allow":["GET"]}}],"collection":[{"href":"https:\/\/machera.lu\/index.php?rest_route=\/wp\/v2\/tribe_events"}],"about":[{"href":"https:\/\/machera.lu\/index.php?rest_route=\/wp\/v2\/types\/tribe_events"}],"author":[{"embeddable":true,"href":"https:\/\/machera.lu\/index.php?rest_route=\/wp\/v2\/users\/3"}],"replies":[{"embeddable":true,"href":"https:\/\/machera.lu\/index.php?rest_route=%2Fwp%2Fv2%2Fcomments&post=64207"}],"version-history":[{"count":3,"href":"https:\/\/machera.lu\/index.php?rest_route=\/wp\/v2\/tribe_events\/64207\/revisions"}],"predecessor-version":[{"id":64214,"href":"https:\/\/machera.lu\/index.php?rest_route=\/wp\/v2\/tribe_events\/64207\/revisions\/64214"}],"wp:featuredmedia":[{"embeddable":true,"href":"https:\/\/machera.lu\/index.php?rest_route=\/wp\/v2\/media\/64196"}],"wp:attachment":[{"href":"https:\/\/machera.lu\/index.php?rest_route=%2Fwp%2Fv2%2Fmedia&parent=64207"}],"wp:term":[{"taxonomy":"post_tag","embeddable":true,"href":"https:\/\/machera.lu\/index.php?rest_route=%2Fwp%2Fv2%2Ftags&post=64207"},{"taxonomy":"tribe_events_cat","embeddable":true,"href":"https:\/\/machera.lu\/index.php?rest_route=%2Fwp%2Fv2%2Ftribe_events_cat&post=64207"}],"curies":[{"name":"wp","href":"https:\/\/api.w.org\/{rel}","templated":true}]}}