{"id":63657,"date":"2025-05-19T12:25:15","date_gmt":"2025-05-19T12:25:15","guid":{"rendered":"https:\/\/machera.lu\/?tribe_events=concert-militaermusek-zesumme-mam-georges-urwald-debbie-marinkovic"},"modified":"2025-08-27T08:50:29","modified_gmt":"2025-08-27T08:50:29","slug":"concert-militaermusek-zesumme-mam-georges-urwald-debbie-marinkovic","status":"publish","type":"tribe_events","link":"https:\/\/machera.lu\/?tribe_events=concert-militaermusek-zesumme-mam-georges-urwald-debbie-marinkovic&lang=fr","title":{"rendered":"Concert Milit\u00e4rmusek zesumme mam Georges Urwald &#038; Debbie Marinkovic"},"content":{"rendered":"<p><a href=\"https:\/\/machera.lu\/wp-content\/uploads\/2025\/05\/846cb1_42b66889df204dc7a788c1b657c5e544mv2.png.webp\"><img fetchpriority=\"high\" decoding=\"async\" class=\" wp-image-63652 alignleft\" src=\"https:\/\/machera.lu\/wp-content\/uploads\/2025\/05\/846cb1_42b66889df204dc7a788c1b657c5e544mv2.png.webp\" alt=\"\" width=\"365\" height=\"517\" srcset=\"https:\/\/machera.lu\/wp-content\/uploads\/2025\/05\/846cb1_42b66889df204dc7a788c1b657c5e544mv2.png.webp 994w, https:\/\/machera.lu\/wp-content\/uploads\/2025\/05\/846cb1_42b66889df204dc7a788c1b657c5e544mv2.png-211x300.webp 211w, https:\/\/machera.lu\/wp-content\/uploads\/2025\/05\/846cb1_42b66889df204dc7a788c1b657c5e544mv2.png-722x1024.webp 722w, https:\/\/machera.lu\/wp-content\/uploads\/2025\/05\/846cb1_42b66889df204dc7a788c1b657c5e544mv2.png-768x1089.webp 768w, https:\/\/machera.lu\/wp-content\/uploads\/2025\/05\/846cb1_42b66889df204dc7a788c1b657c5e544mv2.png-370x525.webp 370w, https:\/\/machera.lu\/wp-content\/uploads\/2025\/05\/846cb1_42b66889df204dc7a788c1b657c5e544mv2.png-840x1192.webp 840w, https:\/\/machera.lu\/wp-content\/uploads\/2025\/05\/846cb1_42b66889df204dc7a788c1b657c5e544mv2.png-410x582.webp 410w, https:\/\/machera.lu\/wp-content\/uploads\/2025\/05\/846cb1_42b66889df204dc7a788c1b657c5e544mv2.png-600x851.webp 600w\" sizes=\"(max-width: 600px) 100vw, 365px\" \/><\/a><\/p>\n<p>Als Ofschloss vun de\u00a0Feierlechkeete\u00a0vu\u00a075 Joar Gr\u00e9iwemaacher Drauwen- a W\u00e4ifest\u00a0pr\u00e4sent\u00e9iert de Comit\u00e9 des F\u00eates Gr\u00e9iwemaacher\u00a0d\u00ebse flotte Concert vun der Milit\u00e4rmusek, mat deenen z\u00ebsummen de Georges Urwald an Deborah Marinkovic mat op der B\u00fcn\u00a0vum Centre Culturel Machera stinn.<\/p>\n<p>Um Programm sti\u00a0beschtbekannte\u00a0L\u00ebtzebuerger Lidder a weider Wierker vu L\u00ebtzebuerger Komponisten. En Owend fir\u00a0ze gen\u00e9issen\u00a0an\u00a0och g\u00e4re matzesangen!<\/p>\n<p>Den Erl\u00e9iss geet un d\u2019Math\u00ebllef a.s.b.l.<\/p>\n<p>Fir Eessen a Gedr\u00e9nks ass gesuergt.<\/p>\n<p>WEIDER INFOEN: <a href=\"http:\/\/www.waifest.lu\/75joar\">www.waifest.lu\/75joar<\/a><\/p>\n<div class=\"sc_item_button sc_button_wrap\"><a class=\"sc_button sc_button_decoration sc_button_size_large sc_button_icon_left\" href=\"https:\/\/ticket.luxembourg-ticket.lu\/eventim.webshop\/webticket\/seatmap?eventId=38712\"><span class=\"sc_button_text\"><span class=\"sc_button_title\">Tickets<\/span><\/span><\/a><\/div>\n","protected":false},"excerpt":{"rendered":"<p>Als Ofschloss vun de\u00a0Feierlechkeete\u00a0vu\u00a075 Joar Gr\u00e9iwemaacher Drauwen- a W\u00e4ifest\u00a0pr\u00e4sent\u00e9iert de Comit\u00e9 des F\u00eates Gr\u00e9iwemaacher\u00a0d\u00ebse flotte Concert vun der Milit\u00e4rmusek, mat deenen z\u00ebsummen de Georges Urwald an Deborah Marinkovic mat op der B\u00fcn\u00a0vum Centre Culturel Machera stinn.<\/p>\n<p>&nbsp;<\/p>\n<div class=\"sc_item_button sc_button_wrap\"><a class=\"sc_button sc_button_decoration sc_button_size_large sc_button_icon_left\" href=\"https:\/\/machera.lu\/?tribe_events=concert-militaermusek-zesumme-mam-georges-urwald-debbie-marinkovic\"><span class=\"sc_button_text\"><span class=\"sc_button_title\">Info \/ Tickets<\/span><\/span><\/a><\/div>\n","protected":false},"author":1,"featured_media":63651,"comment_status":"closed","ping_status":"closed","template":"","meta":{"inline_featured_image":false,"_tribe_events_status":"","_tribe_events_status_reason":"","footnotes":""},"tags":[],"tribe_events_cat":[348],"class_list":["post-63657","tribe_events","type-tribe_events","status-publish","has-post-thumbnail","hentry","tribe_events_cat-concert-fr","cat_concert-fr"],"_links":{"self":[{"href":"https:\/\/machera.lu\/index.php?rest_route=\/wp\/v2\/tribe_events\/63657","targetHints":{"allow":["GET"]}}],"collection":[{"href":"https:\/\/machera.lu\/index.php?rest_route=\/wp\/v2\/tribe_events"}],"about":[{"href":"https:\/\/machera.lu\/index.php?rest_route=\/wp\/v2\/types\/tribe_events"}],"author":[{"embeddable":true,"href":"https:\/\/machera.lu\/index.php?rest_route=\/wp\/v2\/users\/1"}],"replies":[{"embeddable":true,"href":"https:\/\/machera.lu\/index.php?rest_route=%2Fwp%2Fv2%2Fcomments&post=63657"}],"version-history":[{"count":6,"href":"https:\/\/machera.lu\/index.php?rest_route=\/wp\/v2\/tribe_events\/63657\/revisions"}],"predecessor-version":[{"id":64013,"href":"https:\/\/machera.lu\/index.php?rest_route=\/wp\/v2\/tribe_events\/63657\/revisions\/64013"}],"wp:featuredmedia":[{"embeddable":true,"href":"https:\/\/machera.lu\/index.php?rest_route=\/wp\/v2\/media\/63651"}],"wp:attachment":[{"href":"https:\/\/machera.lu\/index.php?rest_route=%2Fwp%2Fv2%2Fmedia&parent=63657"}],"wp:term":[{"taxonomy":"post_tag","embeddable":true,"href":"https:\/\/machera.lu\/index.php?rest_route=%2Fwp%2Fv2%2Ftags&post=63657"},{"taxonomy":"tribe_events_cat","embeddable":true,"href":"https:\/\/machera.lu\/index.php?rest_route=%2Fwp%2Fv2%2Ftribe_events_cat&post=63657"}],"curies":[{"name":"wp","href":"https:\/\/api.w.org\/{rel}","templated":true}]}}