{"id":63399,"date":"2025-04-01T06:17:42","date_gmt":"2025-04-01T06:17:42","guid":{"rendered":"https:\/\/machera.lu\/?tribe_events=luxembourg-philharmonia"},"modified":"2025-10-16T12:38:15","modified_gmt":"2025-10-16T12:38:15","slug":"luxembourg-philharmonia","status":"publish","type":"tribe_events","link":"https:\/\/machera.lu\/?tribe_events=luxembourg-philharmonia&lang=en","title":{"rendered":"Luxembourg Philharmonia feat. Davide Alogna"},"content":{"rendered":"<figure id=\"attachment_63641\" aria-describedby=\"caption-attachment-63641\" style=\"width: 1024px\" class=\"wp-caption aligncenter\"><img fetchpriority=\"high\" decoding=\"async\" class=\"size-large wp-image-63641\" src=\"https:\/\/machera.lu\/wp-content\/uploads\/2025\/04\/image0-1024x683.jpeg\" alt=\"\" width=\"1024\" height=\"683\" srcset=\"https:\/\/machera.lu\/wp-content\/uploads\/2025\/04\/image0-1024x683.jpeg 1024w, https:\/\/machera.lu\/wp-content\/uploads\/2025\/04\/image0-300x200.jpeg 300w, https:\/\/machera.lu\/wp-content\/uploads\/2025\/04\/image0-768x512.jpeg 768w, https:\/\/machera.lu\/wp-content\/uploads\/2025\/04\/image0-1536x1025.jpeg 1536w, https:\/\/machera.lu\/wp-content\/uploads\/2025\/04\/image0-2048x1366.jpeg 2048w, https:\/\/machera.lu\/wp-content\/uploads\/2025\/04\/image0-370x247.jpeg 370w, https:\/\/machera.lu\/wp-content\/uploads\/2025\/04\/image0-840x560.jpeg 840w, https:\/\/machera.lu\/wp-content\/uploads\/2025\/04\/image0-410x273.jpeg 410w, https:\/\/machera.lu\/wp-content\/uploads\/2025\/04\/image0-600x400.jpeg 600w\" sizes=\"(max-width: 1024px) 100vw, 1024px\" \/><figcaption id=\"caption-attachment-63641\" class=\"wp-caption-text\"><\/p>\n<p><\/figcaption><\/figure>\n<p class=\"\" data-start=\"0\" data-end=\"230\">On October 19, 2025 at 5:00 PM, Luxembourg Philharmonia invites you to its Autumn Concert in Grevenmacher. The orchestra, made up of around 90 musicians, will present a varied program featuring works by Eastern European composers.<\/p>\n<p class=\"\" data-start=\"479\" data-end=\"670\">The concert opens with the Violin Concerto (1940) by Aram Khachaturian. The soloist for the evening is internationally acclaimed violinist Davide Alogna, known for his virtuosic performances.<\/p>\n<p class=\"\" data-start=\"672\" data-end=\"832\">After the intermission, Luxembourg Philharmonia will take the audience on a journey through the soundscapes of Central Asia with two works by Alexander Borodin:<\/p>\n<ul data-start=\"834\" data-end=\"928\">\n<li class=\"\" data-start=\"834\" data-end=\"877\">\n<p class=\"\" data-start=\"836\" data-end=\"877\"><em data-start=\"836\" data-end=\"868\">In the Steppes of Central Asia<\/em> (1882)<\/p>\n<\/li>\n<li class=\"\" data-start=\"878\" data-end=\"928\">\n<p class=\"\" data-start=\"880\" data-end=\"928\"><em data-start=\"880\" data-end=\"899\">Polovtsian Dances<\/em> from the opera <em data-start=\"915\" data-end=\"928\">Prince Igor<\/em><\/p>\n<\/li>\n<\/ul>\n<p class=\"\" data-start=\"930\" data-end=\"1052\">These compositions are known for their vibrant melodies and rhythmic richness, and are among Borodin\u2019s most beloved works.<\/p>\n<p class=\"\" data-start=\"1054\" data-end=\"1160\">Don&#8217;t miss this unique opportunity to experience a remarkable musical event in a truly special atmosphere.<\/p>\n<div class=\"sc_item_button sc_button_wrap\"><a class=\"sc_button sc_button_decoration sc_button_size_large sc_button_icon_left\" href=\"http:\/\/tickets.luxembourg-ticket.lu\/38795\"><span class=\"sc_button_text\"><span class=\"sc_button_title\">Tickets<\/span><\/span><\/a><\/div>\n<h6>Tickets zu diesem Event k\u00f6nnen ebenfalls dienstags und donnerstags von 15 &#8211; 19 Uhr an der Kasse im Kulturzentrum Machera gekauft werden. Die Abendkasse \u00f6ffnet 2 Stunden vor dem Event.<\/h6>\n<h6>Tickets for this event can also be purchased at the box office in the Machera Cultural Center on Tuesdays and Thursdays from 3 PM to 7 PM. The evening box office opens 2 hours before the event.<\/h6>\n<h6>Les billets pour cet \u00e9v\u00e9nement peuvent \u00e9galement \u00eatre achet\u00e9s \u00e0 la billetterie du Centre Culturel Machera les mardis et jeudis de 15h \u00e0 19h. La billetterie du soir ouvre 2 heures avant l\u2019\u00e9v\u00e9nement.<\/h6>\n","protected":false},"excerpt":{"rendered":"<p>On October 19, 2025 at 5:00 PM, Luxembourg Philharmonia invites you to its Autumn Concert in Grevenmacher. The orchestra, made up of around 90 musicians, will present a varied program featuring works by Eastern European composers.<\/p>\n<p>&nbsp;<\/p>\n<div class=\"sc_item_button sc_button_wrap\"><a class=\"sc_button sc_button_decoration sc_button_size_large sc_button_icon_left\" href=\"https:\/\/machera.lu\/?tribe_events=luxembourg-philharmonia=en\"><span class=\"sc_button_text\"><span class=\"sc_button_title\">Info \/ Tickets<\/span><\/span><\/a><\/div>\n","protected":false},"author":1,"featured_media":62472,"comment_status":"closed","ping_status":"closed","template":"","meta":{"inline_featured_image":false,"_tribe_events_status":"","_tribe_events_status_reason":"","footnotes":""},"tags":[],"tribe_events_cat":[],"class_list":["post-63399","tribe_events","type-tribe_events","status-publish","has-post-thumbnail","hentry"],"_links":{"self":[{"href":"https:\/\/machera.lu\/index.php?rest_route=\/wp\/v2\/tribe_events\/63399","targetHints":{"allow":["GET"]}}],"collection":[{"href":"https:\/\/machera.lu\/index.php?rest_route=\/wp\/v2\/tribe_events"}],"about":[{"href":"https:\/\/machera.lu\/index.php?rest_route=\/wp\/v2\/types\/tribe_events"}],"author":[{"embeddable":true,"href":"https:\/\/machera.lu\/index.php?rest_route=\/wp\/v2\/users\/1"}],"replies":[{"embeddable":true,"href":"https:\/\/machera.lu\/index.php?rest_route=%2Fwp%2Fv2%2Fcomments&post=63399"}],"version-history":[{"count":9,"href":"https:\/\/machera.lu\/index.php?rest_route=\/wp\/v2\/tribe_events\/63399\/revisions"}],"predecessor-version":[{"id":64190,"href":"https:\/\/machera.lu\/index.php?rest_route=\/wp\/v2\/tribe_events\/63399\/revisions\/64190"}],"wp:featuredmedia":[{"embeddable":true,"href":"https:\/\/machera.lu\/index.php?rest_route=\/wp\/v2\/media\/62472"}],"wp:attachment":[{"href":"https:\/\/machera.lu\/index.php?rest_route=%2Fwp%2Fv2%2Fmedia&parent=63399"}],"wp:term":[{"taxonomy":"post_tag","embeddable":true,"href":"https:\/\/machera.lu\/index.php?rest_route=%2Fwp%2Fv2%2Ftags&post=63399"},{"taxonomy":"tribe_events_cat","embeddable":true,"href":"https:\/\/machera.lu\/index.php?rest_route=%2Fwp%2Fv2%2Ftribe_events_cat&post=63399"}],"curies":[{"name":"wp","href":"https:\/\/api.w.org\/{rel}","templated":true}]}}